{"id":12161,"date":"2025-10-21T21:33:18","date_gmt":"2025-10-21T20:33:18","guid":{"rendered":"http:\/\/www.colegioluissolana.com\/?page_id=12161"},"modified":"2026-04-28T12:32:30","modified_gmt":"2026-04-28T11:32:30","slug":"escuela-de-padres","status":"publish","type":"page","link":"https:\/\/www.colegioluissolana.com\/?page_id=12161","title":{"rendered":"ESCUELA DE PADRES"},"content":{"rendered":"<h1 style=\"text-align: center;\"><a href=\"http:\/\/www.colegioluissolana.com\/wp-content\/uploads\/2026\/04\/INFOGRAFIA_TDAH.pdf\">INFOGRAFIA_TDAH<\/a><\/h1>\n<h1 style=\"text-align: center;\"><span style=\"color: #ff6600;\"><strong>AULA DE FAMILIAS-MAYO<\/strong><\/span><\/h1>\n<h2><img loading=\"lazy\" class=\"alignnone wp-image-12531 aligncenter\" src=\"http:\/\/www.colegioluissolana.com\/wp-content\/uploads\/2026\/04\/26-MAYO-AGV-231x300.png\" alt=\"\" width=\"340\" height=\"442\" srcset=\"https:\/\/www.colegioluissolana.com\/wp-content\/uploads\/2026\/04\/26-MAYO-AGV-231x300.png 231w, https:\/\/www.colegioluissolana.com\/wp-content\/uploads\/2026\/04\/26-MAYO-AGV.png 756w\" sizes=\"(max-width: 340px) 100vw, 340px\" \/><\/h2>\n<h2 style=\"text-align: center;\"><strong><span style=\"color: #000080;\">GU\u00cdA PR\u00c1CTICA PARA PADRES CON ALUMNOS QUE PRESENTEN TDAH:<\/span><\/strong><\/h2>\n<p style=\"text-align: center;\"><a href=\"http:\/\/www.colegioluissolana.com\/wp-content\/uploads\/2026\/04\/guia_para_padres_de_TDAH.pdf\">guia_para_padres_de_TDAH<\/a><\/p>\n<p style=\"text-align: center;\"><strong><span style=\"color: #ff9900;\">AULAS DE FAMILIAS:<\/span><\/strong><\/p>\n<h1 style=\"text-align: center;\"><b><span data-olk-copy-source=\"MessageBody\"><img loading=\"lazy\" class=\"wp-image-12488 aligncenter\" src=\"http:\/\/www.colegioluissolana.com\/wp-content\/uploads\/2026\/03\/image001-1-208x300.jpg\" alt=\"\" width=\"327\" height=\"472\" srcset=\"https:\/\/www.colegioluissolana.com\/wp-content\/uploads\/2026\/03\/image001-1-208x300.jpg 208w, https:\/\/www.colegioluissolana.com\/wp-content\/uploads\/2026\/03\/image001-1.jpg 382w\" sizes=\"(max-width: 327px) 100vw, 327px\" \/>\u00a0<span style=\"color: #008000;\">PREVENCI\u00d3N DE CONDUCTAS DE RIESGO. AULAS DE FAMILIA.<\/span><\/span><\/b><\/h1>\n<p><span data-olk-copy-source=\"MessageBody\">Las personas interesadas pueden inscribirse en<\/span>\u00a0<u><a title=\"https:\/\/infanciayfamilias.castillalamancha.es\/crianza-convivencia-familiar\/aulas-de-familia\" href=\"https:\/\/infanciayfamilias.castillalamancha.es\/crianza-convivencia-familiar\/aulas-de-familia\" target=\"_blank\" rel=\"noopener noreferrer\" data-auth=\"NotApplicable\" data-linkindex=\"0\">https:\/\/infanciayfamilias.castillalamancha.es\/crianza-convivencia-familiar\/aulas-de-familia<\/a><\/u>\u00a0. Para la inscripci\u00f3n en la nueva modalidad de Aulas,\u00a0no hace falta filtrar por etapa evolutiva en la web.<\/p>\n<p>Desde Aulas de Familia Toledo, como recurso p\u00fablico y gratuito, especializado en parentalidad positiva y competencias parentales, es nuestro inter\u00e9s acercar el Programa a aquellos \u00e1mbitos de actuaci\u00f3n relacionados con familia como son el educativo, sanitario y social, para facilitar el acceso y la participaci\u00f3n de la poblaci\u00f3n en general.<\/p>\n<p><img loading=\"lazy\" class=\" wp-image-12405 aligncenter\" src=\"http:\/\/www.colegioluissolana.com\/wp-content\/uploads\/2026\/02\/image001-208x300.jpg\" alt=\"\" width=\"292\" height=\"421\" srcset=\"https:\/\/www.colegioluissolana.com\/wp-content\/uploads\/2026\/02\/image001-208x300.jpg 208w, https:\/\/www.colegioluissolana.com\/wp-content\/uploads\/2026\/02\/image001.jpg 475w\" sizes=\"(max-width: 292px) 100vw, 292px\" \/><\/p>\n<h1 style=\"text-align: center;\"><span style=\"color: #ff0000;\"><strong>AULAS DE FAMILIA. BIENESTAR PSICOL\u00d3GICO.<\/strong><\/span><img loading=\"lazy\" class=\" wp-image-12360 aligncenter\" src=\"http:\/\/www.colegioluissolana.com\/wp-content\/uploads\/2026\/01\/LOCAL-ARCHIVO-FEB-26-1-208x300.png\" alt=\"\" width=\"357\" height=\"515\" srcset=\"https:\/\/www.colegioluissolana.com\/wp-content\/uploads\/2026\/01\/LOCAL-ARCHIVO-FEB-26-1-208x300.png 208w, https:\/\/www.colegioluissolana.com\/wp-content\/uploads\/2026\/01\/LOCAL-ARCHIVO-FEB-26-1-709x1024.png 709w, https:\/\/www.colegioluissolana.com\/wp-content\/uploads\/2026\/01\/LOCAL-ARCHIVO-FEB-26-1.png 720w\" sizes=\"(max-width: 357px) 100vw, 357px\" \/><\/h1>\n<h1 style=\"text-align: center;\"><span style=\"color: #ff0000;\"><strong>ALGUNAS RECOMENDACIONES PARA EL USO DE LAS TECNOLOG\u00cdAS EN CASA:<\/strong><\/span><\/h1>\n<p><img loading=\"lazy\" class=\"wp-image-12356 aligncenter\" src=\"http:\/\/www.colegioluissolana.com\/wp-content\/uploads\/2026\/01\/USO-DE-TECNOLOGIAS-300x212.png\" alt=\"\" width=\"546\" height=\"386\" srcset=\"https:\/\/www.colegioluissolana.com\/wp-content\/uploads\/2026\/01\/USO-DE-TECNOLOGIAS-300x212.png 300w, https:\/\/www.colegioluissolana.com\/wp-content\/uploads\/2026\/01\/USO-DE-TECNOLOGIAS-1024x722.png 1024w, https:\/\/www.colegioluissolana.com\/wp-content\/uploads\/2026\/01\/USO-DE-TECNOLOGIAS-768x542.png 768w, https:\/\/www.colegioluissolana.com\/wp-content\/uploads\/2026\/01\/USO-DE-TECNOLOGIAS.png 1280w\" sizes=\"(max-width: 546px) 100vw, 546px\" \/><\/p>\n<p><img loading=\"lazy\" class=\"wp-image-12355 aligncenter\" src=\"http:\/\/www.colegioluissolana.com\/wp-content\/uploads\/2026\/01\/TECNOLOGIAS-DOS-215x300.png\" alt=\"\" width=\"549\" height=\"766\" srcset=\"https:\/\/www.colegioluissolana.com\/wp-content\/uploads\/2026\/01\/TECNOLOGIAS-DOS-215x300.png 215w, https:\/\/www.colegioluissolana.com\/wp-content\/uploads\/2026\/01\/TECNOLOGIAS-DOS-734x1024.png 734w, https:\/\/www.colegioluissolana.com\/wp-content\/uploads\/2026\/01\/TECNOLOGIAS-DOS-768x1071.png 768w, https:\/\/www.colegioluissolana.com\/wp-content\/uploads\/2026\/01\/TECNOLOGIAS-DOS-1101x1536.png 1101w, https:\/\/www.colegioluissolana.com\/wp-content\/uploads\/2026\/01\/TECNOLOGIAS-DOS.png 1200w\" sizes=\"(max-width: 549px) 100vw, 549px\" \/><\/p>\n<h1 style=\"text-align: center;\"><span style=\"color: #ff0000;\"><strong>CHARLAS SOBRE EL ACOSO EN REDES:<\/strong><\/span><\/h1>\n<h3 style=\"text-align: center;\"><strong>\u00bfC\u00f3mo se puede impedir el ciberacoso sin dejar de acceder a Internet?<\/strong><\/h3>\n<p>Estar en l\u00ednea tiene muchos beneficios. Pero como sucede con otras cosas en la vida, tambi\u00e9n presenta riesgos contra los cuales debes protegerte.<\/p>\n<p>Si est\u00e1s sufriendo a causa del ciberacoso, podr\u00edas eliminar algunas aplicaciones o permanecer fuera de l\u00ednea mientras te das un tiempo para recuperarte.<\/p>\n<p>Todos deseamos que deje de haber ciberacoso y esta es una de las razones por las que es tan importante denunciarlo.<\/p>\n<p>Para lograr que Internet sea como queremos no podemos limitarnos a denunciar el acoso.<\/p>\n<p>Debemos ser cuidadosos y no compartir o decir cosas que puedan herir a otras personas.<\/p>\n<p>Tenemos que ser amables unos con otros en l\u00ednea y en la vida real. Todos, sin excepci\u00f3n.<\/p>\n<blockquote>\n<h2 style=\"text-align: center;\"><span style=\"color: #ff0000;\">Debemos ser cuidadosos y no compartir o decir cosas que puedan herir a otras personas.<\/span><\/h2>\n<\/blockquote>\n<h1><img loading=\"lazy\" class=\"alignnone wp-image-12311\" src=\"http:\/\/www.colegioluissolana.com\/wp-content\/uploads\/2026\/01\/Captura-de-pantalla-2026-01-02-113351-300x29.png\" alt=\"\" width=\"724\" height=\"70\" srcset=\"https:\/\/www.colegioluissolana.com\/wp-content\/uploads\/2026\/01\/Captura-de-pantalla-2026-01-02-113351-300x29.png 300w, https:\/\/www.colegioluissolana.com\/wp-content\/uploads\/2026\/01\/Captura-de-pantalla-2026-01-02-113351-1024x98.png 1024w, https:\/\/www.colegioluissolana.com\/wp-content\/uploads\/2026\/01\/Captura-de-pantalla-2026-01-02-113351-768x73.png 768w, https:\/\/www.colegioluissolana.com\/wp-content\/uploads\/2026\/01\/Captura-de-pantalla-2026-01-02-113351-1536x146.png 1536w, https:\/\/www.colegioluissolana.com\/wp-content\/uploads\/2026\/01\/Captura-de-pantalla-2026-01-02-113351.png 1825w\" sizes=\"(max-width: 724px) 100vw, 724px\" \/><\/h1>\n<h1 style=\"text-align: center;\"><span style=\"color: #ff9900;\"><strong>\u201cLa accesibilidad universal como derecho llave para la inclusi\u00f3n\u201d<\/strong><\/span><\/h1>\n<h5 style=\"text-align: center;\">Para m\u00e1s informaci\u00f3n, accede a la p\u00e1gina:<\/h5>\n<p><a href=\"https:\/\/www.autismocastillalamancha.org\/federacion-autismo-castilla-la-mancha-alza-la-voz-del-autismo-en-el-pleno-institucional-del-dia-de-la-discapacidad\/\">https:\/\/www.autismocastillalamancha.org\/federacion-autismo-castilla-la-mancha-alza-la-voz-del-autismo-en-el-pleno-institucional-del-dia-de-la-discapacidad\/<\/a><\/p>\n<h1 style=\"text-align: center;\"><span style=\"color: #ff00ff;\"><strong><span class=\"custom-cursor-default-hover\" data-olk-copy-source=\"MessageBody\">Aulas de Familia Toledo<\/span><\/strong><\/span><\/h1>\n<h5><span class=\"custom-cursor-default-hover\" data-olk-copy-source=\"MessageBody\">Pr\u00f3ximas sesiones grupales para padres y madres que se desarrollar\u00e1n en el pr\u00f3ximo mes de e<b>nero de 2026<\/b>\u00a0en el \u00e1rea de prevenci\u00f3n primaria con nuevas sesiones en el \u00e1rea tem\u00e1tica de\u00a0<\/span><b>DESARROLLO PERSONAL Y SOCIAL.\u00a0<\/b><\/h5>\n<h5><b><span class=\"custom-cursor-default-hover\">Nos\u00a0centraremos en la importancia de fomentar, acompa\u00f1ar y supervisar las relaciones sociales de la infancia y la adolescencia<\/span><\/b><b>\u00a0<\/b>abordando contenidos tales como; la importancia a de su fomento para adquirir habilidades de comunicaci\u00f3n, negociaci\u00f3n y autoprotecci\u00f3n.<\/h5>\n<p><img loading=\"lazy\" class=\" wp-image-12308 aligncenter\" src=\"http:\/\/www.colegioluissolana.com\/wp-content\/uploads\/2025\/12\/LOCAL-ENERO-26-1-208x300.png\" alt=\"\" width=\"302\" height=\"436\" srcset=\"https:\/\/www.colegioluissolana.com\/wp-content\/uploads\/2025\/12\/LOCAL-ENERO-26-1-208x300.png 208w, https:\/\/www.colegioluissolana.com\/wp-content\/uploads\/2025\/12\/LOCAL-ENERO-26-1-709x1024.png 709w, https:\/\/www.colegioluissolana.com\/wp-content\/uploads\/2025\/12\/LOCAL-ENERO-26-1.png 720w\" sizes=\"(max-width: 302px) 100vw, 302px\" \/><\/p>\n<h1 style=\"text-align: center;\"><span style=\"color: #ff0000;\">ADICCIONES A LAS NUEVAS TECNOLOG\u00cdAS<\/span><\/h1>\n<p style=\"text-align: center;\"><em>\u00abEl tel\u00e9fono m\u00f3vil es la hero\u00edna del siglo XXI\u00bb<\/em><\/p>\n<p style=\"text-align: center;\"><em>\u00bfPodr\u00edais estar una semana sin m\u00f3vil?<\/em><\/p>\n<p style=\"text-align: center;\"><a href=\"https:\/\/www.youtube.com\/watch?v=2yugycB0quk\">https:\/\/www.youtube.com\/watch?v=2yugycB0quk<\/a><\/p>\n<h1><img loading=\"lazy\" class=\" wp-image-12226 aligncenter\" src=\"http:\/\/www.colegioluissolana.com\/wp-content\/uploads\/2025\/11\/DecalogoMediacion_Familias-1-300x212.png\" alt=\"\" width=\"445\" height=\"315\" srcset=\"https:\/\/www.colegioluissolana.com\/wp-content\/uploads\/2025\/11\/DecalogoMediacion_Familias-1-300x212.png 300w, https:\/\/www.colegioluissolana.com\/wp-content\/uploads\/2025\/11\/DecalogoMediacion_Familias-1-1024x722.png 1024w, https:\/\/www.colegioluissolana.com\/wp-content\/uploads\/2025\/11\/DecalogoMediacion_Familias-1-768x542.png 768w, https:\/\/www.colegioluissolana.com\/wp-content\/uploads\/2025\/11\/DecalogoMediacion_Familias-1.png 1531w\" sizes=\"(max-width: 445px) 100vw, 445px\" \/><\/h1>\n<h1 style=\"text-align: center;\"><a href=\"http:\/\/www.colegioluissolana.com\/wp-content\/uploads\/2025\/11\/pactos_de_uso-1.pdf\">pactos_de_uso (1)<\/a> <a href=\"http:\/\/www.colegioluissolana.com\/wp-content\/uploads\/2025\/11\/is4k_y_tu_practicas_el_sharenting-1.pdf\">is4k_y_tu_practicas_el_sharenting (1)<\/a><\/h1>\n<h1 style=\"text-align: center;\"><strong>PAUTAS EDUCATIVAS B\u00c1SICAS<\/strong><\/h1>\n<h1><img loading=\"lazy\" class=\" wp-image-12217 aligncenter\" src=\"http:\/\/www.colegioluissolana.com\/wp-content\/uploads\/2025\/11\/PAUTAS-279x300.png\" alt=\"\" width=\"355\" height=\"382\" srcset=\"https:\/\/www.colegioluissolana.com\/wp-content\/uploads\/2025\/11\/PAUTAS-279x300.png 279w, https:\/\/www.colegioluissolana.com\/wp-content\/uploads\/2025\/11\/PAUTAS.png 481w\" sizes=\"(max-width: 355px) 100vw, 355px\" \/><\/h1>\n<p style=\"text-align: center;\">DESCARGA PDF:<a href=\"http:\/\/www.colegioluissolana.com\/wp-content\/uploads\/2025\/11\/01_folletos_pautas_educativas_basicas.pdf\">01_folletos_pautas_educativas_basicas<\/a><\/p>\n<h1 style=\"text-align: center;\"><strong>PLAN DE RIESGOS Y EMERGENCIAS<\/strong><\/h1>\n<p>Plan de actuaci\u00f3n familiar ante emergencias:<\/p>\n<p>El\u00a0<strong>plan familiar de emergencias<\/strong>\u00a0consiste en una herramienta de prevenci\u00f3n b\u00e1sica, un documento en el que se recogen y dejan por escrito datos y orientaciones para la familia en caso de emergencia. Requiere de la coordinaci\u00f3n y participaci\u00f3n de todos los miembros. Su objetivo es que cada miembro de la familia sepa organizarse, prepararse y saber qu\u00e9 hacer ante una situaci\u00f3n de emergencia.<\/p>\n<p>Algunas de las recomendaciones para un plan de actuaci\u00f3n familiar ante emergencias son:<\/p>\n<ul>\n<li>Inf\u00f3rmate a trav\u00e9s de medios oficiales y permanece atento a sus recomendaciones.<\/li>\n<li>Mantente al tanto de las predicciones meteorol\u00f3gicas, del estado de las carreteras y del transporte p\u00fablico.<\/li>\n<li>Guarda los documentos importantes en recipientes herm\u00e9ticos y lugares altos.<\/li>\n<li>Ten preparado un \u201ckit b\u00e1sico de emergencias 72h\u201d, con art\u00edculos b\u00e1sicos de supervivencia: radio de pilas, agua potable, linterna, etc.<\/li>\n<li>No olvides las necesidades espec\u00edficas de algunos miembros de la familia (ancianos, beb\u00e9s, etc.)<\/li>\n<li>Evita propagar y hacer caso a rumores.<\/li>\n<li>En caso de emergencia llama al 112.<\/li>\n<\/ul>\n<p><strong>Conocer las medidas de autoprotecci\u00f3n a adoptar en los diferentes casos, ayudar\u00e1 a reducir sus posibles consecuencias.<\/strong><\/p>\n<p style=\"text-align: center;\"><span style=\"color: #ff9900;\">POD\u00c9IS CONSULTAR ESTOS VIDEOS:<\/span><\/p>\n<p><a href=\"https:\/\/ficheros.proteccioncivil.es\/Web\/videos\/fomentoPlanificacion\/01_VIDEO_RECOMENDACIONES_AUTOPROTECCION.mp4\">https:\/\/ficheros.proteccioncivil.es\/Web\/videos\/fomentoPlanificacion\/01_VIDEO_RECOMENDACIONES_AUTOPROTECCION.mp4<\/a><\/p>\n<p><a href=\"https:\/\/www.youtube.com\/watch?time_continue=8&amp;v=5GpfeTMopeg&amp;embeds_referring_euri=https%3A%2F%2Fcentroformacionprofesorado.castillalamancha.es%2F&amp;source_ve_path=MjM4NTE\">https:\/\/www.youtube.com\/watch?time_continue=8&amp;v=5GpfeTMopeg&amp;embeds_referring_euri=https%3A%2F%2Fcentroformacionprofesorado.castillalamancha.es%2F&amp;source_ve_path=MjM4NTE<\/a><\/p>\n<h1 style=\"text-align: center;\"><span style=\"color: #ff9900;\"><strong>AULAS DE FAMILIA<\/strong><\/span><\/h1>\n<h1><img loading=\"lazy\" class=\" wp-image-12169 aligncenter\" src=\"http:\/\/www.colegioluissolana.com\/wp-content\/uploads\/2025\/10\/25-Nov-AG-Lo-208x300.jpg\" alt=\"\" width=\"234\" height=\"338\" srcset=\"https:\/\/www.colegioluissolana.com\/wp-content\/uploads\/2025\/10\/25-Nov-AG-Lo-208x300.jpg 208w, https:\/\/www.colegioluissolana.com\/wp-content\/uploads\/2025\/10\/25-Nov-AG-Lo-709x1024.jpg 709w, https:\/\/www.colegioluissolana.com\/wp-content\/uploads\/2025\/10\/25-Nov-AG-Lo.jpg 720w\" sizes=\"(max-width: 234px) 100vw, 234px\" \/><\/h1>\n<p><img loading=\"lazy\" class=\" wp-image-12170 aligncenter\" src=\"http:\/\/www.colegioluissolana.com\/wp-content\/uploads\/2025\/10\/25-Nov-AG-Lo-ADO-208x300.jpg\" alt=\"\" width=\"245\" height=\"353\" srcset=\"https:\/\/www.colegioluissolana.com\/wp-content\/uploads\/2025\/10\/25-Nov-AG-Lo-ADO-208x300.jpg 208w, https:\/\/www.colegioluissolana.com\/wp-content\/uploads\/2025\/10\/25-Nov-AG-Lo-ADO-709x1024.jpg 709w, https:\/\/www.colegioluissolana.com\/wp-content\/uploads\/2025\/10\/25-Nov-AG-Lo-ADO.jpg 720w\" sizes=\"(max-width: 245px) 100vw, 245px\" \/><\/p>\n<p>&nbsp;<\/p>\n<h1 style=\"text-align: center;\"><span style=\"color: #ff6600;\"><strong>EFECTO PIGMALI\u00d3N<\/strong><\/span><\/h1>\n<p><a href=\"https:\/\/www.youtube.com\/watch?si=BWzxMVA5PmtWaaml&amp;v=XwMWSUJKHYQ&amp;feature=youtu.be\">https:\/\/www.youtube.com\/watch?si=BWzxMVA5PmtWaaml&amp;v=XwMWSUJKHYQ&amp;feature=youtu.be<\/a><\/p>\n<p><em><strong>Confiemos en el poder de la palabra.\u00a0<\/strong><\/em><\/p>\n<h1 style=\"text-align: center;\"><span style=\"color: #ff9900;\"><strong>EMOCIONES<\/strong><\/span><\/h1>\n<p><a href=\"https:\/\/www.youtube.com\/watch?v=I2r6Gy-uT8s\">https:\/\/www.youtube.com\/watch?v=I2r6Gy-uT8s<\/a><\/p>\n<p>Hay que ense\u00f1ar a <strong>FRUSTRARSE.\u00a0<\/strong><\/p>\n<p><em>No todo lo que nos hace mal, es negativo. Nos ayuda a desarrollarnos como personas.\u00a0<\/em><\/p>\n<p><img loading=\"lazy\" class=\"alignnone wp-image-12167\" src=\"http:\/\/www.colegioluissolana.com\/wp-content\/uploads\/2025\/10\/EMOCIONES-300x169.png\" alt=\"\" width=\"439\" height=\"247\" srcset=\"https:\/\/www.colegioluissolana.com\/wp-content\/uploads\/2025\/10\/EMOCIONES-300x169.png 300w, https:\/\/www.colegioluissolana.com\/wp-content\/uploads\/2025\/10\/EMOCIONES-768x432.png 768w, https:\/\/www.colegioluissolana.com\/wp-content\/uploads\/2025\/10\/EMOCIONES.png 913w\" sizes=\"(max-width: 439px) 100vw, 439px\" \/><\/p>\n","protected":false},"excerpt":{"rendered":"<p>INFOGRAFIA_TDAH AULA DE FAMILIAS-MAYO GU\u00cdA PR\u00c1CTICA PARA PADRES CON ALUMNOS QUE PRESENTEN TDAH: guia_para_padres_de_TDAH AULAS DE FAMILIAS: \u00a0PREVENCI\u00d3N DE CONDUCTAS DE RIESGO. AULAS DE FAMILIA. Las personas interesadas pueden inscribirse en\u00a0https:\/\/infanciayfamilias.castillalamancha.es\/crianza-convivencia-familiar\/aulas-de-familia\u00a0. Para la inscripci\u00f3n en la nueva modalidad de Aulas,\u00a0no &hellip; <a href=\"https:\/\/www.colegioluissolana.com\/?page_id=12161\">Sigue leyendo <span class=\"meta-nav\">&rarr;<\/span><\/a><\/p>\n","protected":false},"author":18,"featured_media":0,"parent":0,"menu_order":0,"comment_status":"closed","ping_status":"closed","template":"","meta":[],"_links":{"self":[{"href":"https:\/\/www.colegioluissolana.com\/index.php?rest_route=\/wp\/v2\/pages\/12161"}],"collection":[{"href":"https:\/\/www.colegioluissolana.com\/index.php?rest_route=\/wp\/v2\/pages"}],"about":[{"href":"https:\/\/www.colegioluissolana.com\/index.php?rest_route=\/wp\/v2\/types\/page"}],"author":[{"embeddable":true,"href":"https:\/\/www.colegioluissolana.com\/index.php?rest_route=\/wp\/v2\/users\/18"}],"replies":[{"embeddable":true,"href":"https:\/\/www.colegioluissolana.com\/index.php?rest_route=%2Fwp%2Fv2%2Fcomments&post=12161"}],"version-history":[{"count":19,"href":"https:\/\/www.colegioluissolana.com\/index.php?rest_route=\/wp\/v2\/pages\/12161\/revisions"}],"predecessor-version":[{"id":12552,"href":"https:\/\/www.colegioluissolana.com\/index.php?rest_route=\/wp\/v2\/pages\/12161\/revisions\/12552"}],"wp:attachment":[{"href":"https:\/\/www.colegioluissolana.com\/index.php?rest_route=%2Fwp%2Fv2%2Fmedia&parent=12161"}],"curies":[{"name":"wp","href":"https:\/\/api.w.org\/{rel}","templated":true}]}}